{"id":1112,"date":"2019-11-11T14:30:56","date_gmt":"2019-11-11T13:30:56","guid":{"rendered":"http:\/\/ktifp.amu.edu.pl\/?page_id=1112"},"modified":"2023-06-28T18:20:19","modified_gmt":"2023-06-28T16:20:19","slug":"prof-zygmunt-ziembinski","status":"publish","type":"page","link":"https:\/\/tifp.amu.edu.pl\/?page_id=1112","title":{"rendered":"prof. Zygmunt Ziembi\u0144ski"},"content":{"rendered":"<p style=\"text-align: justify;\">Profesor <strong>Zygmunt Ziembi\u0144ski<\/strong> (1920-1996) \u2212 za\u0142o\u017cyciel pozna\u0144skiej szko\u0142y teorii prawa \u2212 by\u0142 niew\u0105tpliwe jedn\u0105 z najwybitniejszych postaci w historii Katedry. Stopie\u0144 doktora nauk prawnych uzyska\u0142 w roku 1950, broni\u0105c rozprawy <em>Procesy o zniewag\u0119 jako problem techniki spo\u0142ecznej<\/em>, napisanej pod kierunkiem Czes\u0142awa Znamierowskiego; pi\u0119\u0107 lat p\u00f3\u017aniej, na podstawie pracy <em>Pod\u0142o\u017ce spor\u00f3w s\u0105dowych o alimentacj\u0119 dzieci pozama\u0142\u017ce\u0144skich<\/em>, otrzyma\u0142 stanowisko docenta, a w 1962 r. \u2013 profesora nadzwyczajnego. W roku 1969 zosta\u0142 profesorem zwyczajnym.<\/p>\n<p style=\"text-align: justify;\">Zajmowa\u0142 w spo\u0142eczno\u015bci akademickiej pozycj\u0119 szczeg\u00f3ln\u0105. Decydowa\u0142 o niej w r\u00f3wnym stopniu dorobek badawczy, postawa cz\u0142owieka niezale\u017cnego, jak i to, \u017ce o wyznawanych idea\u0142ach za\u015bwiadcza\u0142 swoim \u017cyciem. W pracy naukowej nie poddawa\u0142 si\u0119 wp\u0142ywom w\u0142adzy politycznej, cho\u0107 prac\u0119 t\u0119 rozpoczyna\u0142 w czasach stalinizmu. W latach 50. mia\u0142 odwag\u0119 prowadzi\u0107 badania nad spo\u0142ecznym funkcjonowaniem prawa. Wytrwale zajmowa\u0142 si\u0119 logik\u0105 i jej prawniczymi zastosowaniami. Teori\u0119 prawa uprawia\u0142 neutralnie, wr\u0119cz demonstracyjnie od\u017cegnuj\u0105c si\u0119 od ideologii. Nie ulega\u0142 tak\u017ce zmieniaj\u0105cym si\u0119 modom naukowym i panuj\u0105cym w \u015brodowiskach naukowych stereotypom. Niezale\u017cnie od nich konsekwentnie rozwija\u0142 sw\u00f3j paradygmat. Ogromn\u0105 wiedz\u0119 \u0142\u0105czy\u0142 z niespotykan\u0105 gotowo\u015bci\u0105 dzielenia si\u0119 ni\u0105 z innymi: nale\u017ca\u0142 do rzadkiej kategorii nauczycieli z powo\u0142ania.<\/p>\n<p style=\"text-align: justify;\">Zygmunt Ziembi\u0144ski uko\u0144czy\u0142 studia prawnicze oraz filozoficzne w zakresie socjologii. Jego osobowo\u015b\u0107 naukowa kszta\u0142towa\u0142a si\u0119 pod wp\u0142ywem Czes\u0142awa Znamierowskiego i Kazimierza Ajdukiewicza, w kt\u00f3rego seminariach uczestniczy\u0142. W dziedzinie etyki inspirowa\u0142a go Maria Ossowska. \u0141\u0105czenie kompetencji logika, socjologa i etyka pozwala\u0142o mu uprawia\u0107 teori\u0119 prawa jako dyscyplin\u0119 integruj\u0105c\u0105 nauki prawne, a tak\u017ce zakre\u015bli\u0107 i urzeczywistni\u0107 imponuj\u0105c\u0105 wizj\u0119 unowocze\u015bnienia polskiego prawoznawstwa oraz program wszechstronnej edukacji prawniczej m\u0142odzie\u017cy. Warunkiem owocnego dyskursu w nauce by\u0142 dla profesora Ziembi\u0144skiego precyzyjny j\u0119zyk. Dokonuj\u0105c logicznej i semiotycznej analizy j\u0119zyka prawnego i prawniczego, realizowa\u0142 dzie\u0142o uporz\u0105dkowania aparatury poj\u0119ciowej prawoznawstwa, tak by \u00f3w dyskurs by\u0142 mo\u017cliwy.<\/p>\n<p style=\"text-align: justify;\">Niestrudzona, trwaj\u0105ca p\u00f3\u0142 wieku, praca badawcza Zygmunta Ziembi\u0144skiego zaowocowa\u0142a 20 monografiami, 20 podr\u0119cznikami i skryptami akademickimi, ponad 150 artyku\u0142ami i polemikami. Najwi\u0119ksze osi\u0105gni\u0119cia naukowe profesora Ziembi\u0144skiego dotycz\u0105 formalno-j\u0119zykowej analizy zjawisk prawnych,\u00a0 metodologii nauk prawnych oraz etyki i aksjologii.<\/p>\n<p style=\"text-align: justify;\">W Zak\u0142adzie Prawniczych Zastosowa\u0144 Logiki swoj\u0105 naukow\u0105 drog\u0119 rozpocz\u0119\u0142o wielu uczni\u00f3w Zygmunta Ziembi\u0144skiego, w tym czworo najbli\u017cszych, b\u0119d\u0105cych jego doktorantami \u2013 profesorowie: Maciej Zieli\u0144ski (od 1963 r.), Leszek Nowak (od 1965 r.), S\u0142awomira Wronkowska (od 1966 r.) i Stanis\u0142aw Czepita (od 1978 r.).<\/p>\n<p style=\"text-align: justify;\">Z inicjatywy absolwent\u00f3w Uniwersytetu jedn\u0105 z sal wyk\u0142adowych Collegium Iuridicum Novum w Poznaniu nazwano w 2013 r. Aul\u0105 im. Zygmunta Ziembi\u0144skiego; wmurowano te\u017c tablic\u0119 pami\u0105tkow\u0105 ku czci profesora.<\/p>\n<h5 style=\"padding-left: 60px; text-align: justify;\"><em>(Na podstawie tekst\u00f3w: (1) &#8222;Historia Katedry Teorii i Filozofii Prawa w latach 1919-2019&#8221;, napisanego przez P.F. Zwierzykowskiego z pomoc\u0105 M. Dybowskiego, M. Hermanna i M. Krotoszy\u0144skiego, opublikowanego w: R. Budzinowski et al. (red.), My\u015bl\u0105c o przysz\u0142o\u015bci nie zapominamy o przesz\u0142o\u015bci. Ksi\u0119ga jubileuszowa 100 lat Wydzia\u0142u Prawa i Administracji Uniwersytetu im. Adama Mickiewicza w Poznaniu, Pozna\u0144 2019, s. 398-416 oraz (2) S. Wronkowska, Przedmowa, [w:] S. Wronkowska (red.), Z teorii i filozofii prawa Zygmunta Ziembi\u0144skiego, Warszawa 2007, s. IX-XIII.)<br \/>\n<\/em><\/h5>\n<p><strong><br \/>\nWa\u017cniejsze prace:<\/strong><\/p>\n<ol>\n<li><em><a href=\"https:\/\/repozytorium.amu.edu.pl\/bitstream\/10593\/19749\/1\/006%20ZYGMUNT%20ZIEMBI%c5%83SKI%20RPEiS%2022%281%29%2c%201960.pdf\">Przepis prawny a norma prawna<\/a>, <\/em>Ruch Prawniczy i Ekonomiczny,<br \/>\n1960, z. 1, s. 105-122<\/li>\n<li><em>Logiczne podstawy prawoznawstwa. Wybrane zagadnienia<\/em> (1966).<\/li>\n<li><em>Etyczne problemy prawoznawstwa<\/em> (1972).<\/li>\n<li><em>Metodologiczne zagadnienia prawoznawstwa<\/em> (1974).<\/li>\n<li>(z S. Wronkowsk\u0105, M. Zieli\u0144skim) <em>Zasady prawa. Zagadnienia podstawowe<\/em> (1974).<\/li>\n<li><em>Podstawowe problemy prawoznawstwa<\/em> (1980).<\/li>\n<li><em>Szkice z metodologii szczeg\u00f3\u0142owych nauk prawnych<\/em> (1983).<\/li>\n<li>(z M. Zieli\u0144skim) <em>Uzasadnianie twierdze\u0144, ocen i norm w prawoznawstwie<\/em> (1988).<\/li>\n<li><em>Wst\u0119p do aksjologii dla prawnik\u00f3w<\/em> (1990).<\/li>\n<li>(z M. Zieli\u0144skim)\u00a0<em>Dyrektywy i spos\u00f3b ich wypowiadania<\/em> (1992).<\/li>\n<li><em>O pojmowaniu sprawiedliwo\u015bci<\/em> (1992).<\/li>\n<li><em>O pojmowaniu pozytywizmu oraz prawa natury<\/em> (1993)<\/li>\n<li><em>Warto\u015bci konstytucyjne \u2013 zarys problematyki<\/em> (1993)<\/li>\n<li><em>O stanowieniu i obowi\u0105zywaniu prawa. Zagadnienia podstawowe<\/em> (1995)<\/li>\n<li><em>Sprawiedliwo\u015b\u0107 spo\u0142eczna jako poj\u0119cie prawne<\/em> (1996)<\/li>\n<\/ol>\n<p><strong>Podr\u0119czniki akademickie:<\/strong><\/p>\n<ol>\n<li><em>Logika praktyczna<\/em> (1956).<\/li>\n<li><em>Teoria prawa<\/em> (1972).<\/li>\n<li><em>Podstawy nauki o moralno\u015bci. Skrypt dla student\u00f3w prawa<\/em> (1981).<\/li>\n<li>(z A. Redelbachem, S. Wronkowsk\u0105)<em> Zarys teorii pa\u0144stwa i prawa<\/em> (1992).<\/li>\n<li><em>Elementy socjologii<\/em> (1993).<\/li>\n<li>(z\u00a0S. Wronkowsk\u0105)<em> Zarys teorii prawa<\/em> (1997).<\/li>\n<\/ol>\n<p><strong>Zobacz wi\u0119cej:<\/strong><\/p>\n<ol>\n<li style=\"text-align: justify;\"><span class=\"x_xcontentpasted0\">S. Wronkowska, <a href=\"https:\/\/press.amu.edu.pl\/pl\/zygmunt-ziembinski-gandhi.html\"><em>Zygmunt<\/em><i> Ziembi\u0144ski \u201eGandhi\u201d, <\/i><\/a>Pozna\u0144 2022.<br \/>\n<\/span><\/li>\n<li style=\"text-align: justify;\">M. Kordela, <a href=\"https:\/\/pressto.amu.edu.pl\/index.php\/fped\/article\/view\/13439\"><em>Teoria prawa Zygmunta Ziembi\u0144skiego<\/em><\/a>, Filozofia Publiczna<br \/>\ni Edukacja Demokratyczna, 2015, nr 1.<\/li>\n<li style=\"text-align: justify;\">S. Wronkowska (red.), <em>Z teorii i filozofii prawa Zygmunta Ziembi\u0144skiego<\/em>,<br \/>\nWarszawa 2007.<\/li>\n<li style=\"text-align: justify;\">M. Hermann, P.F. Zwierzykowski, <a href=\"https:\/\/repozytorium.amu.edu.pl\/bitstream\/10593\/5432\/1\/25_Sprawozdania%20i%20informacje_M_Hermann_P_F_Zwierzychowski_269-271.pdf\"><em>\u201eZygmunt Ziembi\u0144ski \u2013 uczony i nauczyciel\u201d. Konferencja zorganizowana 11 maja 2007 r. w Poznaniu przez Katedr\u0119 Teorii i Filozofii Prawa WPiA UAM<\/em><\/a>, Ruch Prawniczy Ekonomiczny i Socjologiczny, 2007, z. 3, s. 269-271.<\/li>\n<li style=\"text-align: justify;\">M. Krotoszy\u0144ski,<em> Inauguracja Auli Profesora Zygmunta Ziembi\u0144skiego<\/em>, Ruch Prawniczy, Ekonomiczny i Socjologiczny, 2013, nr 3, s. 309-310.<\/li>\n<li style=\"text-align: justify;\">M. Smolak,<em> Zygmunt Ziembi\u0144ski<\/em>, Ruch Prawniczy, Ekonomiczny i Socjologiczny, 2006, z. 2, s. 80-83.<\/li>\n<\/ol>\n","protected":false},"excerpt":{"rendered":"<p>Profesor Zygmunt Ziembi\u0144ski (1920-1996) \u2212 za\u0142o\u017cyciel pozna\u0144skiej szko\u0142y teorii prawa \u2212 by\u0142 niew\u0105tpliwe jedn\u0105 z najwybitniejszych postaci w historii Katedry. Stopie\u0144 doktora nauk prawnych uzyska\u0142 w roku 1950, broni\u0105c rozprawy Procesy o zniewag\u0119 jako problem techniki spo\u0142ecznej, napisanej pod kierunkiem &hellip; <a href=\"https:\/\/tifp.amu.edu.pl\/?page_id=1112\">Czytaj dalej <span class=\"meta-nav\">&rarr;<\/span><\/a><\/p>\n","protected":false},"author":1,"featured_media":0,"parent":0,"menu_order":0,"comment_status":"closed","ping_status":"closed","template":"","meta":{"footnotes":""},"class_list":["post-1112","page","type-page","status-publish","hentry"],"_links":{"self":[{"href":"https:\/\/tifp.amu.edu.pl\/index.php?rest_route=\/wp\/v2\/pages\/1112","targetHints":{"allow":["GET"]}}],"collection":[{"href":"https:\/\/tifp.amu.edu.pl\/index.php?rest_route=\/wp\/v2\/pages"}],"about":[{"href":"https:\/\/tifp.amu.edu.pl\/index.php?rest_route=\/wp\/v2\/types\/page"}],"author":[{"embeddable":true,"href":"https:\/\/tifp.amu.edu.pl\/index.php?rest_route=\/wp\/v2\/users\/1"}],"replies":[{"embeddable":true,"href":"https:\/\/tifp.amu.edu.pl\/index.php?rest_route=%2Fwp%2Fv2%2Fcomments&post=1112"}],"version-history":[{"count":0,"href":"https:\/\/tifp.amu.edu.pl\/index.php?rest_route=\/wp\/v2\/pages\/1112\/revisions"}],"wp:attachment":[{"href":"https:\/\/tifp.amu.edu.pl\/index.php?rest_route=%2Fwp%2Fv2%2Fmedia&parent=1112"}],"curies":[{"name":"wp","href":"https:\/\/api.w.org\/{rel}","templated":true}]}}